{"id":4643,"date":"2017-05-23T08:56:16","date_gmt":"2017-05-23T06:56:16","guid":{"rendered":"http:\/\/referendarrat-sh.de\/?page_id=4643"},"modified":"2025-08-17T13:43:35","modified_gmt":"2025-08-17T11:43:35","slug":"ergaenzungsvorbereitungsdienst","status":"publish","type":"page","link":"https:\/\/referendarrat-sh.de\/?page_id=4643","title":{"rendered":"Erg\u00e4nzungsvorbereitungsdienst"},"content":{"rendered":"\n<p><strong>Das Referat \u201eErg\u00e4nzungsvorbereitungsdienst\u201c<\/strong><\/p>\n\n\n\n<p>Der legend\u00e4re Erg\u00e4nzungsvorbereitungsdienst bringt gro\u00dfe Herausforderungen, aber auch mindestens genauso gro\u00dfe Chancen mit sich. Naturgem\u00e4\u00df liegt das Augenmerk zun\u00e4chst eher auf ersteren \u2013 und bei deren Bew\u00e4ltigung hilft euch das EVD-Referat gerne weiter. Um sicherzustellen, dass der EVD seine hohe Qualit\u00e4t beh\u00e4lt, werden in regelm\u00e4\u00dfigen Abst\u00e4nden Evaluationen durchgef\u00fchrt. Dort habt ihr Gelegenheit, den Dozent:innen eine R\u00fcckmeldung zu geben und Verbesserungsw\u00fcnsche zu \u00e4u\u00dfern. Die Vergangenheit zeigt aber, dass die positiven Aspekte deutlich \u00fcberwiegen und das investierte Herzblut der Organisator:innen und Dozent:innen Fr\u00fcchte tr\u00e4gt. Also nur Mut, falls euch euer Weg in\u2019s \u201eBootcamp\u201c nach Schleswig f\u00fchrt.<\/p>\n\n\n\n<p>Das Referat Erg\u00e4nzungsvorbereitungsdienst befasst sich mit den Anliegen der Referendar:innen bez\u00fcglich der t\u00e4glichen Referendararbeitsgemeinschaft bei dem Schleswig-Holsteinischen Oberlandesgericht in Schleswig<\/p>\n\n\n<p>Dieses Referat wird aktuell betreut von <b>Isabell Kraus.<\/b><\/p>\n<div>\n<p>Isabell erreichst du unter <a href=\"mailto:Ergaenzungsdienst@referendarrat-sh.de\">Ergaenzungsdienst@referendarrat-sh.de<\/a><\/p>\n<\/div>\n\n\n<figure class=\"wp-block-image size-large is-resized\"><a href=\"http:\/\/referendarrat-sh.de\/wp-content\/uploads\/2025\/08\/Isabell-scaled.jpg\"><img loading=\"lazy\" decoding=\"async\" width=\"683\" height=\"1024\" src=\"http:\/\/referendarrat-sh.de\/wp-content\/uploads\/2025\/08\/Isabell-683x1024.jpg\" alt=\"\" class=\"wp-image-11315\" style=\"aspect-ratio:3\/4;object-fit:cover;width:200px\" srcset=\"https:\/\/referendarrat-sh.de\/wp-content\/uploads\/2025\/08\/Isabell-683x1024.jpg 683w, https:\/\/referendarrat-sh.de\/wp-content\/uploads\/2025\/08\/Isabell-200x300.jpg 200w, https:\/\/referendarrat-sh.de\/wp-content\/uploads\/2025\/08\/Isabell-768x1152.jpg 768w, https:\/\/referendarrat-sh.de\/wp-content\/uploads\/2025\/08\/Isabell-1024x1536.jpg 1024w, https:\/\/referendarrat-sh.de\/wp-content\/uploads\/2025\/08\/Isabell-1365x2048.jpg 1365w, https:\/\/referendarrat-sh.de\/wp-content\/uploads\/2025\/08\/Isabell-scaled.jpg 1707w\" sizes=\"auto, (max-width: 683px) 100vw, 683px\" \/><\/a><\/figure>\n\n\n\n<p><strong>Hinweis:<br><\/strong>Wir haben\u00a0<a href=\"http:\/\/referendarrat-sh.de\/wp-content\/uploads\/2022\/05\/Infoblatt-EVD-Mai-2022.pdf\"><strong>hier<\/strong><\/a> f\u00fcr euch ein <strong>Info-Blatt zum EVD<\/strong>.<\/p>\n\n\n\n<p><\/p>\n","protected":false},"excerpt":{"rendered":"<p>Das Referat \u201eErg\u00e4nzungsvorbereitungsdienst\u201c Der legend\u00e4re Erg\u00e4nzungsvorbereitungsdienst bringt gro\u00dfe Herausforderungen, aber auch mindestens genauso gro\u00dfe Chancen mit sich. Naturgem\u00e4\u00df liegt das Augenmerk zun\u00e4chst eher auf ersteren \u2013 und bei deren Bew\u00e4ltigung hilft euch das EVD-Referat gerne weiter. Um sicherzustellen, dass der &hellip; <a href=\"https:\/\/referendarrat-sh.de\/?page_id=4643\">Weiterlesen <span class=\"meta-nav\">&rarr;<\/span><\/a><\/p>\n","protected":false},"author":1,"featured_media":0,"parent":4496,"menu_order":0,"comment_status":"closed","ping_status":"closed","template":"","meta":{"footnotes":""},"class_list":["post-4643","page","type-page","status-publish","hentry"],"_links":{"self":[{"href":"https:\/\/referendarrat-sh.de\/index.php?rest_route=\/wp\/v2\/pages\/4643","targetHints":{"allow":["GET"]}}],"collection":[{"href":"https:\/\/referendarrat-sh.de\/index.php?rest_route=\/wp\/v2\/pages"}],"about":[{"href":"https:\/\/referendarrat-sh.de\/index.php?rest_route=\/wp\/v2\/types\/page"}],"author":[{"embeddable":true,"href":"https:\/\/referendarrat-sh.de\/index.php?rest_route=\/wp\/v2\/users\/1"}],"replies":[{"embeddable":true,"href":"https:\/\/referendarrat-sh.de\/index.php?rest_route=%2Fwp%2Fv2%2Fcomments&post=4643"}],"version-history":[{"count":33,"href":"https:\/\/referendarrat-sh.de\/index.php?rest_route=\/wp\/v2\/pages\/4643\/revisions"}],"predecessor-version":[{"id":11325,"href":"https:\/\/referendarrat-sh.de\/index.php?rest_route=\/wp\/v2\/pages\/4643\/revisions\/11325"}],"up":[{"embeddable":true,"href":"https:\/\/referendarrat-sh.de\/index.php?rest_route=\/wp\/v2\/pages\/4496"}],"wp:attachment":[{"href":"https:\/\/referendarrat-sh.de\/index.php?rest_route=%2Fwp%2Fv2%2Fmedia&parent=4643"}],"curies":[{"name":"wp","href":"https:\/\/api.w.org\/{rel}","templated":true}]}}