{"id":4476,"date":"2019-10-13T14:29:43","date_gmt":"2019-10-13T12:29:43","guid":{"rendered":"http:\/\/referendarrat-sh.de\/?page_id=20"},"modified":"2025-08-17T14:05:36","modified_gmt":"2025-08-17T12:05:36","slug":"landgerichtsbezirk-flensburg","status":"publish","type":"page","link":"http:\/\/referendarrat-sh.de\/?page_id=4476","title":{"rendered":"Landgerichtsbezirk Flensburg"},"content":{"rendered":"<p><img loading=\"lazy\" decoding=\"async\" class=\"aligncenter wp-image-6059\" src=\"http:\/\/referendarrat-sh.de\/wp-content\/uploads\/2016\/08\/cropped-cropped-LG_Flensburg_1280x500-1-1.png\" alt=\"\" width=\"412\" height=\"141\" \/><\/p>\n<p>Dieses Referat wird aktuell betreut von\u00a0<strong>Maurice Rieffenstahl, Chris Adam\u00a0<\/strong>und <b>Lara L\u00fcttjohann.<\/b><\/p>\n<p>\u00a0<\/p>\n\n\n<figure class=\"wp-block-gallery has-nested-images columns-default is-cropped wp-block-gallery-1 is-layout-flex wp-block-gallery-is-layout-flex\">\n<figure class=\"wp-block-image size-large\"><a href=\"https:\/\/referendarrat-sh.de\/wp-content\/uploads\/2025\/08\/Maurice.jpg\"><img loading=\"lazy\" decoding=\"async\" width=\"706\" height=\"1024\" data-id=\"11311\" src=\"https:\/\/referendarrat-sh.de\/wp-content\/uploads\/2025\/08\/Maurice-706x1024.jpg\" alt=\"\" class=\"wp-image-11311\" srcset=\"http:\/\/referendarrat-sh.de\/wp-content\/uploads\/2025\/08\/Maurice-706x1024.jpg 706w, http:\/\/referendarrat-sh.de\/wp-content\/uploads\/2025\/08\/Maurice-207x300.jpg 207w, http:\/\/referendarrat-sh.de\/wp-content\/uploads\/2025\/08\/Maurice-768x1114.jpg 768w, http:\/\/referendarrat-sh.de\/wp-content\/uploads\/2025\/08\/Maurice-1059x1536.jpg 1059w, http:\/\/referendarrat-sh.de\/wp-content\/uploads\/2025\/08\/Maurice.jpg 1412w\" sizes=\"auto, (max-width: 706px) 100vw, 706px\" \/><\/a><\/figure>\n\n\n\n<figure class=\"wp-block-image size-large\"><a href=\"https:\/\/referendarrat-sh.de\/wp-content\/uploads\/2025\/08\/Chris.jpg\"><img loading=\"lazy\" decoding=\"async\" width=\"942\" height=\"798\" data-id=\"11312\" src=\"https:\/\/referendarrat-sh.de\/wp-content\/uploads\/2025\/08\/Chris.jpg\" alt=\"\" class=\"wp-image-11312\" srcset=\"http:\/\/referendarrat-sh.de\/wp-content\/uploads\/2025\/08\/Chris.jpg 942w, http:\/\/referendarrat-sh.de\/wp-content\/uploads\/2025\/08\/Chris-300x254.jpg 300w, http:\/\/referendarrat-sh.de\/wp-content\/uploads\/2025\/08\/Chris-768x651.jpg 768w, http:\/\/referendarrat-sh.de\/wp-content\/uploads\/2025\/08\/Chris-354x300.jpg 354w\" sizes=\"auto, (max-width: 942px) 100vw, 942px\" \/><\/a><\/figure>\n\n\n\n<figure class=\"wp-block-image size-large\"><a href=\"https:\/\/referendarrat-sh.de\/wp-content\/uploads\/2025\/08\/Lara.jpg\"><img loading=\"lazy\" decoding=\"async\" width=\"682\" height=\"1024\" data-id=\"11317\" src=\"https:\/\/referendarrat-sh.de\/wp-content\/uploads\/2025\/08\/Lara-682x1024.jpg\" alt=\"\" class=\"wp-image-11317\" srcset=\"http:\/\/referendarrat-sh.de\/wp-content\/uploads\/2025\/08\/Lara-682x1024.jpg 682w, http:\/\/referendarrat-sh.de\/wp-content\/uploads\/2025\/08\/Lara-200x300.jpg 200w, http:\/\/referendarrat-sh.de\/wp-content\/uploads\/2025\/08\/Lara-768x1153.jpg 768w, http:\/\/referendarrat-sh.de\/wp-content\/uploads\/2025\/08\/Lara-1023x1536.jpg 1023w, http:\/\/referendarrat-sh.de\/wp-content\/uploads\/2025\/08\/Lara.jpg 1066w\" sizes=\"auto, (max-width: 682px) 100vw, 682px\" \/><\/a><\/figure>\n<\/figure>\n\n\n\n<p><a href=\"mailto:Flensburg@referendarrat-sh.de\">Flensburg@referendarrat-sh.de<\/a><\/p>\n\n\n\n<p>Das <strong>LG Flensburg&nbsp;<\/strong>erreicht ihr unter<br>Landgericht Flensburg<br>S\u00fcdergraben 22<br>24937 Flensburg<br>Telefon: 0461 \/ 89 \u2013 0<br>Telefax: 0461 \/ 89 \u2013 278<\/p>\n\n\n\n<p>E-Mail:&nbsp;&nbsp;&nbsp;&nbsp;&nbsp;&nbsp;&nbsp;&nbsp;&nbsp;&nbsp;&nbsp;&nbsp;<a href=\"mailto:verwaltung@lg-flensburg.landsh.de\">verwaltung@lg-flensburg.landsh.de<\/a><\/p>\n\n\n\n<p><strong>Gesch\u00e4ftsstelle:<\/strong><\/p>\n\n\n\n<p><strong>&nbsp;Zi. A 310&nbsp;&nbsp;&nbsp;&nbsp;&nbsp;&nbsp;&nbsp;&nbsp;&nbsp;&nbsp;&nbsp;&nbsp;&nbsp; Frau Schwidden<\/strong>&nbsp;&nbsp; &nbsp;&nbsp;&nbsp;&nbsp;&nbsp;&nbsp;&nbsp;&nbsp;&nbsp;&nbsp;&nbsp;&nbsp;&nbsp;&nbsp;&nbsp;&nbsp;&nbsp;&nbsp;&nbsp;&nbsp;&nbsp;&nbsp;&nbsp;&nbsp;&nbsp;&nbsp;&nbsp;&nbsp;&nbsp;&nbsp;&nbsp;&nbsp;&nbsp;&nbsp;&nbsp;&nbsp;&nbsp;&nbsp;&nbsp;&nbsp;&nbsp;&nbsp;&nbsp;&nbsp;&nbsp;&nbsp;&nbsp;&nbsp;&nbsp;&nbsp;&nbsp;&nbsp;&nbsp;&nbsp;&nbsp;&nbsp;&nbsp;&nbsp;&nbsp;&nbsp;&nbsp;&nbsp;&nbsp;&nbsp;&nbsp;&nbsp;&nbsp;&nbsp;&nbsp;&nbsp;&nbsp;&nbsp;&nbsp;&nbsp;&nbsp;&nbsp;&nbsp;&nbsp;&nbsp;&nbsp;&nbsp;&nbsp; &nbsp;&nbsp;&nbsp;&nbsp;&nbsp;&nbsp;&nbsp;&nbsp;&nbsp;&nbsp;&nbsp;&nbsp;Tel.: 0461 \/ 89 \u2013 422<\/p>\n\n\n\n<p>(Personalakten, Urlaub, Krankheit, Reisekosten, Post)<\/p>\n\n\n\n<p>E-Mail:&nbsp;&nbsp;&nbsp;&nbsp;&nbsp;&nbsp;&nbsp;&nbsp;&nbsp;&nbsp;&nbsp;&nbsp;&nbsp;&nbsp;&nbsp;<a href=\"mailto:verwaltung@lg-flensburg.landsh.de\"> verwaltung@lg-flensburg.landsh.de<\/a><\/p>\n\n\n\n<p>Vertretung: <strong>Frau Thomsen<\/strong>, A 304<br><strong>Referentin<\/strong>&nbsp;&nbsp;&nbsp; <strong>Ri&#8217;inLG &nbsp;D\u00f6ring<\/strong> Zi. B 328 &nbsp; &nbsp; &nbsp; &nbsp; &nbsp; &nbsp; &nbsp; &nbsp; &nbsp; &nbsp; &nbsp; &nbsp; &nbsp; &nbsp; &nbsp; &nbsp; &nbsp; &nbsp; &nbsp; &nbsp;Tel.:0461 \/ 89 \u2013 276<\/p>\n\n\n\n<p>E-Mail:&nbsp; &nbsp;&nbsp;&nbsp;&nbsp;&nbsp;&nbsp;&nbsp;<a href=\"mailto:hilke.doering@lg-flensburg.landsh.de\">&nbsp;&nbsp; hilke.doering@lg-flensburg.landsh.de<\/a><\/p>\n\n\n\n<p><strong><u>\u00c4nderungen<\/u><br><\/strong>Die Personalakten werden bis zum Examen beim Landgericht Flensburg gef\u00fchrt. \u00c4nderungen Ihrer pers\u00f6nlichen Verh\u00e4ltnisse, insbesondere aber Anschrift \/ Telefon \/ Name zeigen Sie bitte unverz\u00fcglich beim Landgericht sowie bei der Referendarstelle des Schleswig-Holsteinischen Oberlandesgerichts an.<\/p>\n\n\n\n<p><strong><u>Krankmeldungen<\/u><br><\/strong>Solltest du erkrankt sein, teilen Sie bitte umgehend den Beginn und das Ende des Erkrankungszeitraums mit. (<strong>Frau Schwidden<\/strong>\u2013 Tel. 0461 \/ 89-422). Informiert bitte auch eure Ausbilder:innen und AG Leiter:innen. Bei Krankheit von l\u00e4nger als 2 Tagen ist am 3. Tag ein Attest vorzulegen!<\/p>\n\n\n\n<p><strong><u>Urlaub<\/u><br><\/strong>Der Jahres-Urlaubsanspruch betr\u00e4gt altersunabh\u00e4ngig <strong>30 Tage&nbsp;<\/strong>(Erlass des MP SH v. 29.05.2013).<\/p>\n\n\n\n<p>Der Resturlaub muss <strong>bis Ende September des Folgejahres&nbsp;<\/strong>genommen werden, damit er nicht verf\u00e4llt. Sind Sie nicht mehr das volle Jahr besch\u00e4ftigt, errechnet sich der Urlaub anteilsm\u00e4\u00dfig auf die Monate.<br>Formulare f\u00fcr <strong>Urlaubsantr\u00e4ge&nbsp;<\/strong>werden <strong>in A 310&nbsp;<\/strong>ausgegeben oder k\u00f6nnen auf der Homepage des Landgerichts heruntergeladen werden. Die Urlaubsantr\u00e4ge sind auch in A 310 oder \u00fcber den dort angebrachten \u201eBriefkasten\u201c abzugeben. Es besteht auch die M\u00f6glichkeit, Urlaubsantr\u00e4ge per Post oder bei der Wachtmeisterei abzugeben. Der Urlaub ist an AG-Tagen mit den AG-Leiter:innen abzustimmen. Es reicht dann, wenn Sie dessen Einwilligung (s. Formular) versichern. Sofern Sie nichts Gegenteiliges h\u00f6ren, gilt der Urlaub als bewilligt. Eine gesonderte Nachricht erfolgt nicht. Das Landgericht ist ferner f\u00fcr Dienstbefreiungen bis zu 3 Tagen zust\u00e4ndig.<\/p>\n\n\n\n<p>In allen weiteren F\u00e4llen wie die Genehmigungen zur Aus\u00fcbung von Nebent\u00e4tigkeiten, die Erteilung des notwendigen Urlaubs f\u00fcr Wehr\u00fcbungen, die Erteilung von Dienstbefreiung von mehr als 3 Tagen und von Sonderurlaub, Bildungsurlaub und Erziehungsurlaub ist das OLG zust\u00e4ndig. Diese Antr\u00e4ge&nbsp;sind auf dem Dienstweg \u00fcber das Landgericht einzureichen.<\/p>\n\n\n\n<p><strong><u>Reisekosten<br><\/u><\/strong>Reisekostenantr\u00e4ge werden in der <strong>Gesch\u00e4ftsstelle A 310&nbsp;<\/strong>abgegeben. Hier erhalten Sie auch die&nbsp;Formulare.<\/p>\n\n\n\n<p>Reisekosten werden erstattet f\u00fcr:<\/p>\n\n\n\n<ol class=\"wp-block-list\">\n<li>Fahrten vom Wohnort zur Ausbildungsstelle bei der Einstellung.<\/li>\n\n\n\n<li>Fahrten zwischen bisheriger und neuer Ausbildungsstelle, wenn die neue<\/li>\n<\/ol>\n\n\n\n<p>Ausbildungsstelle nicht mehr innerhalb des Landgerichtsbezirks liegt, in dem ihr eingestellt wurdet.<\/p>\n\n\n\n<ol class=\"wp-block-list\">\n<li>Fahrten von der Ausbildungsstelle zur Teilnahme an Arbeitsgemeinschaften nur dann,<\/li>\n<\/ol>\n\n\n\n<p>wenn die Arbeitsgemeinschaft aus dienstlichen Gr\u00fcnden nicht in dem Landgerichtsbezirk&nbsp;stattfindet, in dem die Referendarin oder der Referendar eingestellt wurde. F\u00fcr Fahrten zu&nbsp;Arbeitsgemeinschaften in dem Landgerichtsbezirk der Einstellung, zu freiwilligen&nbsp;Arbeitsgemeinschaften, zu Arbeitsgemeinschaften in einem anderen Bundesland und zu&nbsp;Arbeitsgemeinschaften im Erg\u00e4nzungsvorbereitungsdienst werden Reisekosten&nbsp;<strong>nicht&nbsp;<\/strong>erstattet.<\/p>\n\n\n\n<p>Reisekosten, die im Zusammenhang mit Ihrer Pr\u00fcfung stehen, beim Schleswig-Holsteinischen Oberlandesgericht m\u00fcssen geltend gemacht werden; f\u00fcr die Reisekosten, die in der Verwaltungsstation anfallen, ist der Innenminister des Landes Schleswig-Holstein zust\u00e4ndig.<\/p>\n\n\n\n<p><strong><u>Gehalt<\/u><br><\/strong>Absprechpartner f\u00fcr Fragen \u201erund um das Gehalt\u201c ist das<br>Dienstleistungszentrum Personal<br>Speckenbeker Weg 133<br>24113 Kiel<\/p>\n\n\n\n<p>Wichtiger Hinweis:<\/p>\n\n\n\n<p>\u2013 Alle \u00c4nderungen, die das Gehalt, das verm\u00f6genswirksame Sparen, Krankenkassenunterlagen<\/p>\n\n\n\n<p>betreffen, bitte direkt an das DLZP&nbsp;melden<\/p>\n\n\n\n<p>\u2013 insbesondere Adress\u00e4nderungen bitte direkt an das DLZP melden<\/p>\n\n\n\n<p>\u2013 entnehmen Sie dabei Ihre Bearbeiter-Nr.\/Personal-Nr. der Gehaltsmitteilung des DLZP<\/p>\n\n\n\n<p>F\u00fcr potentielle Interessierte:<\/p>\n\n\n\n<p>&#8211;&gt; Die Landgerichtsbezirke \u2013 Landgericht Flensburg<\/p>\n\n\n\n<p>Als Referendar:in hat man im Verlaufe des Referendariats viele Fragen. Dies beginnt gleich mit den ersten Veranstaltungen am Landgericht. Hier geben wir jedem neu angekommenen Referendardurchgang Tipps f\u00fcr eine Planung des Referendariats, etwa wann und um welche Station man sich selbst\u00e4ndig k\u00fcmmern muss, was man im Referendariat grunds\u00e4tzlich beachten sollte und vieles mehr.<\/p>\n\n\n\n<p>Zu den Aufgaben als zust\u00e4ndige Referent:in des Referendarrats geh\u00f6rt aber vor allem auch die Sicherung der Qualit\u00e4t der Ausbildung. Diese testen wir stichprobenartig durch mehrere Evaluationen zur Zivil- und Staatsanwaltschaftsstation und zu ELAN-Ref. Dar\u00fcber hinaus stehen wir im direkten Austausch mit den AG-Leiter:innen und Referent:innen des Landgerichts und kommunizieren Probleme und Anregungen im Zusammenhang mit dem Unterricht und zu den Einzelausbilder:innen.<\/p>\n\n\n\n<p>Die Aufgabe, stets Ansprechpartner:in f\u00fcr die Referendar:innen des Landgerichts zu sein, l\u00e4sst sich dabei vielf\u00e4ltig umsetzen. So kann etwa durch die Organisation von Stammtischen oder anderen Veranstaltungen wie Kneipentouren oder \u00e4hnlichen Aktivit\u00e4ten ein stetiger Austausch unter uns gef\u00f6rdert werden. Daneben sind wir aber auch immer per Mail f\u00fcr dringende Fragen rund um das Referendariat am Landgericht Flensburg zu erreichen und gehen meist schnell und ausf\u00fchrlich auf die gestellten Fragen ein.<\/p>\n\n\n\n<p>Der zeitliche Aufwand h\u00e4lt sich dabei in Grenzen, sodass \u00dcberlastungserscheinungen nicht auftreten und man sich neben der Referendarratst\u00e4tigkeit ohne bemerkbare Einschr\u00e4nkungen den Lernanforderungen des Referendariats stellen kann.<\/p>\n\n\n\n<p>Wenn auch Du Lust hast, dich als Ansprechpartner und Bindeglied zwischen Referendar:innnen und Landgericht einzusetzen, kandidiere doch einfach f\u00fcr einen Platz im neu zu w\u00e4hlenden Referendarrat. Wir freuen uns auf Dein Interesse!<\/p>\n","protected":false},"excerpt":{"rendered":"<p>Dieses Referat wird aktuell betreut von\u00a0Maurice Rieffenstahl, Chris Adam\u00a0und Lara L\u00fcttjohann. \u00a0 Flensburg@referendarrat-sh.de Das LG Flensburg&nbsp;erreicht ihr unterLandgericht FlensburgS\u00fcdergraben 2224937 FlensburgTelefon: 0461 \/ 89 \u2013 0Telefax: 0461 \/ 89 \u2013 278 E-Mail:&nbsp;&nbsp;&nbsp;&nbsp;&nbsp;&nbsp;&nbsp;&nbsp;&nbsp;&nbsp;&nbsp;&nbsp;verwaltung@lg-flensburg.landsh.de Gesch\u00e4ftsstelle: &nbsp;Zi. A 310&nbsp;&nbsp;&nbsp;&nbsp;&nbsp;&nbsp;&nbsp;&nbsp;&nbsp;&nbsp;&nbsp;&nbsp;&nbsp; Frau Schwidden&nbsp;&nbsp; &nbsp;&nbsp;&nbsp;&nbsp;&nbsp;&nbsp;&nbsp;&nbsp;&nbsp;&nbsp;&nbsp;&nbsp;&nbsp;&nbsp;&nbsp;&nbsp;&nbsp;&nbsp;&nbsp;&nbsp;&nbsp;&nbsp;&nbsp;&nbsp;&nbsp;&nbsp;&nbsp;&nbsp;&nbsp;&nbsp;&nbsp;&nbsp;&nbsp;&nbsp;&nbsp;&nbsp;&nbsp;&nbsp;&nbsp;&nbsp;&nbsp;&nbsp;&nbsp;&nbsp;&nbsp;&nbsp;&nbsp;&nbsp;&nbsp;&nbsp;&nbsp;&nbsp;&nbsp;&nbsp;&nbsp;&nbsp;&nbsp;&nbsp;&nbsp;&nbsp;&nbsp;&nbsp;&nbsp;&nbsp;&nbsp;&nbsp;&nbsp;&nbsp;&nbsp;&nbsp;&nbsp;&nbsp;&nbsp;&nbsp;&nbsp;&nbsp;&nbsp;&nbsp;&nbsp;&nbsp;&nbsp;&nbsp; &nbsp;&nbsp;&nbsp;&nbsp;&nbsp;&nbsp;&nbsp;&nbsp;&nbsp;&nbsp;&nbsp;&nbsp;Tel.: &hellip; <a href=\"http:\/\/referendarrat-sh.de\/?page_id=4476\">Weiterlesen <span class=\"meta-nav\">&rarr;<\/span><\/a><\/p>\n","protected":false},"author":1,"featured_media":0,"parent":7787,"menu_order":0,"comment_status":"closed","ping_status":"closed","template":"","meta":{"footnotes":""},"class_list":["post-4476","page","type-page","status-publish","hentry"],"_links":{"self":[{"href":"http:\/\/referendarrat-sh.de\/index.php?rest_route=\/wp\/v2\/pages\/4476","targetHints":{"allow":["GET"]}}],"collection":[{"href":"http:\/\/referendarrat-sh.de\/index.php?rest_route=\/wp\/v2\/pages"}],"about":[{"href":"http:\/\/referendarrat-sh.de\/index.php?rest_route=\/wp\/v2\/types\/page"}],"author":[{"embeddable":true,"href":"http:\/\/referendarrat-sh.de\/index.php?rest_route=\/wp\/v2\/users\/1"}],"replies":[{"embeddable":true,"href":"http:\/\/referendarrat-sh.de\/index.php?rest_route=%2Fwp%2Fv2%2Fcomments&post=4476"}],"version-history":[{"count":31,"href":"http:\/\/referendarrat-sh.de\/index.php?rest_route=\/wp\/v2\/pages\/4476\/revisions"}],"predecessor-version":[{"id":11337,"href":"http:\/\/referendarrat-sh.de\/index.php?rest_route=\/wp\/v2\/pages\/4476\/revisions\/11337"}],"up":[{"embeddable":true,"href":"http:\/\/referendarrat-sh.de\/index.php?rest_route=\/wp\/v2\/pages\/7787"}],"wp:attachment":[{"href":"http:\/\/referendarrat-sh.de\/index.php?rest_route=%2Fwp%2Fv2%2Fmedia&parent=4476"}],"curies":[{"name":"wp","href":"https:\/\/api.w.org\/{rel}","templated":true}]}}